{"id":442,"date":"2022-04-13T21:11:54","date_gmt":"2022-04-13T19:11:54","guid":{"rendered":"http:\/\/marie-line-arragon.com\/?page_id=442"},"modified":"2024-09-04T04:28:19","modified_gmt":"2024-09-04T02:28:19","slug":"biographie","status":"publish","type":"page","link":"https:\/\/marie-line-arragon.com\/index.php\/biographie\/","title":{"rendered":"Biographie"},"content":{"rendered":"\t\t<div data-elementor-type=\"wp-page\" data-elementor-id=\"442\" class=\"elementor elementor-442\">\n\t\t\t\t\t\t<section class=\"elementor-section elementor-top-section elementor-element elementor-element-27504c1 elementor-section-boxed elementor-section-height-default elementor-section-height-default\" data-id=\"27504c1\" data-element_type=\"section\" data-settings=\"{&quot;background_background&quot;:&quot;classic&quot;}\">\n\t\t\t\t\t\t<div class=\"elementor-container elementor-column-gap-default\">\n\t\t\t\t\t<div class=\"elementor-column elementor-col-100 elementor-top-column elementor-element elementor-element-65616a7\" data-id=\"65616a7\" data-element_type=\"column\">\n\t\t\t<div class=\"elementor-widget-wrap elementor-element-populated\">\n\t\t\t\t\t\t<div class=\"elementor-element elementor-element-0801bbc elementor-widget elementor-widget-text-editor\" data-id=\"0801bbc\" data-element_type=\"widget\" data-widget_type=\"text-editor.default\">\n\t\t\t\t<div class=\"elementor-widget-container\">\n\t\t\t<style>\/*! elementor - v3.19.0 - 28-02-2024 *\/\n.elementor-widget-text-editor.elementor-drop-cap-view-stacked .elementor-drop-cap{background-color:#69727d;color:#fff}.elementor-widget-text-editor.elementor-drop-cap-view-framed .elementor-drop-cap{color:#69727d;border:3px solid;background-color:transparent}.elementor-widget-text-editor:not(.elementor-drop-cap-view-default) .elementor-drop-cap{margin-top:8px}.elementor-widget-text-editor:not(.elementor-drop-cap-view-default) .elementor-drop-cap-letter{width:1em;height:1em}.elementor-widget-text-editor .elementor-drop-cap{float:left;text-align:center;line-height:1;font-size:50px}.elementor-widget-text-editor .elementor-drop-cap-letter{display:inline-block}<\/style>\t\t\t\t<p>Marie-Line Arragon est une <strong>harpiste<\/strong> et <strong>m\u00e9diatrice de la musique<\/strong> install\u00e9e \u00e0 Montr\u00e9al, au Canada.<\/p><p>N\u00e9e \u00e0 Saint-Etienne en France, elle d\u00e9couvre la harpe \u00e0 7 ans. Etudiante, dans une volont\u00e9 d\u2019apprendre toujours plus <br \/>et de d\u00e9velopper diverses comp\u00e9tences, elle obtient d\u2019abord un master en <strong>management des organisations culturelles<\/strong> <br \/>\u00e0 l\u2019Universit\u00e9 Paris-Dauphine et elle a l\u2019occasion de travailler pour diff\u00e9rentes institutions (Quatuor Debussy, <br \/>Concert Spirituel, Op\u00e9ra national de Paris, Chor\u00e9gies d\u2019Orange, Festival de la Chaise-Dieu).<\/p><p>Elle d\u00e9marre ensuite des \u00e9tudes en <strong>interpr\u00e9tation de la harpe<\/strong>, d\u2019abord \u00e0 la Haute Ecole de Musique de Gen\u00e8ve (Sandrine Chatron), <br \/>puis au Trinity Laban Conservatoire de Londres o\u00f9 elle obtient son Bachelor\u00a0<span style=\"font-family: var( --e-global-typography-text-font-family ), Sans-serif; font-weight: var( --e-global-typography-text-font-weight ); font-size: 1rem;\">(Gabriella Dall&rsquo;Olio)<\/span><span style=\"font-family: var( --e-global-typography-text-font-family ), Sans-serif; font-weight: var( --e-global-typography-text-font-weight ); font-size: 1rem;\">, pour finir \u00e0 l\u2019Universit\u00e9 de Montr\u00e9al<br \/><\/span><span style=\"font-family: var( --e-global-typography-text-font-family ), Sans-serif; font-weight: var( --e-global-typography-text-font-weight ); font-size: 1rem;\">\u00a0o\u00f9 elle suit actuellement une ma\u00eetrise (Caroline Lizotte). Au cours de ses \u00e9tudes, elle a re\u00e7u la <\/span><strong style=\"font-family: var( --e-global-typography-text-font-family ), Sans-serif; font-size: 1rem;\">M\u00e9daille d&rsquo;Or\u00a0<br \/><\/strong><span style=\"font-family: var( --e-global-typography-text-font-family ), Sans-serif; font-weight: var( --e-global-typography-text-font-weight ); font-size: 1rem;\">\u00e0 l&rsquo;Amadeus International Music Awards (Autriche, 2024) le <\/span><strong style=\"font-family: var( --e-global-typography-text-font-family ), Sans-serif; font-size: 1rem;\">Grand Prix <\/strong><span style=\"font-family: var( --e-global-typography-text-font-family ), Sans-serif; font-size: 1rem;\">de l\u2019Infinity Harp Competition<\/span><strong style=\"font-family: var( --e-global-typography-text-font-family ), Sans-serif; font-size: 1rem;\"> (<\/strong><span style=\"font-family: var( --e-global-typography-text-font-family ), Sans-serif; font-weight: var( --e-global-typography-text-font-weight ); font-size: 1rem;\">Hong-Kong, 2022),\u00a0<br \/><\/span><span style=\"font-family: var( --e-global-typography-text-font-family ), Sans-serif; font-weight: var( --e-global-typography-text-font-weight ); font-size: 1rem;\">le <\/span><strong style=\"font-family: var( --e-global-typography-text-font-family ), Sans-serif; font-size: 1rem;\">Premier Prix\u00a0<\/strong><span style=\"font-family: var( --e-global-typography-text-font-family ), Sans-serif; font-weight: var( --e-global-typography-text-font-weight ); font-size: 1rem;\">au Laszlo Spezzaferri International Competition (Italie, 2021) ou encore le <\/span><strong style=\"font-family: var( --e-global-typography-text-font-family ), Sans-serif; font-size: 1rem;\">Prix Sp\u00e9cial<\/strong><span style=\"font-family: var( --e-global-typography-text-font-family ), Sans-serif; font-weight: var( --e-global-typography-text-font-weight ); font-size: 1rem;\"> de l\u2019Association\u00a0<br \/><\/span><span style=\"font-family: var( --e-global-typography-text-font-family ), Sans-serif; font-weight: var( --e-global-typography-text-font-weight ); font-size: 1rem;\">des Harpistes du Royaume-Uni pour la Camac Harp Competition (Angleterre, 2021).<\/span><\/p><p>Elle a suivi des stages et des masterclasses avec des harpistes internationalement renom\u00e9.e.s tel.les que Emmanuel Ceysson, <br \/>Ana\u00efs Gaudemard,\u00a0<span style=\"font-family: var( --e-global-typography-text-font-family ), Sans-serif; font-weight: var( --e-global-typography-text-font-weight ); font-size: 1rem;\">Christine Icart,\u00a0<\/span><span style=\"font-family: var( --e-global-typography-text-font-family ), Sans-serif; font-weight: var( --e-global-typography-text-font-weight ); font-size: 1rem;\">Heidi Krutzen, Marie-Pierre Langlamet,\u00a0<\/span><span style=\"font-family: var( --e-global-typography-text-font-family ), Sans-serif; font-weight: var( --e-global-typography-text-font-weight ); font-size: 1rem;\">Genevi\u00e8ve L\u00e9tang,<\/span><span style=\"font-family: var( --e-global-typography-text-font-family ), Sans-serif; font-weight: var( --e-global-typography-text-font-weight ); font-size: 1rem;\">\u00a0<\/span><span style=\"font-family: var( --e-global-typography-text-font-family ), Sans-serif; font-size: 1rem; font-weight: var( --e-global-typography-text-font-weight );\">Fabrice Pierre et Pierre-Michel Vigneau. <br \/>En solo ou en orchestre, elle a jou\u00e9 au <\/span><span style=\"font-family: var( --e-global-typography-text-font-family ), Sans-serif; font-size: 1rem;\"><b>Wigmore Hall <\/b><\/span><span style=\"font-family: var( --e-global-typography-text-font-family ), Sans-serif; font-size: 1rem; font-weight: var( --e-global-typography-text-font-weight );\">(Londres, 2021), \u00e0 la <\/span><span style=\"font-family: var( --e-global-typography-text-font-family ), Sans-serif; font-size: 1rem;\"><b>Grange au Lac<\/b><\/span><span style=\"font-family: var( --e-global-typography-text-font-family ), Sans-serif; font-size: 1rem; font-weight: var( --e-global-typography-text-font-weight );\"> (Evian, 2016), <br \/>\u00e0 l&rsquo;<\/span><span style=\"font-family: var( --e-global-typography-text-font-family ), Sans-serif; font-size: 1rem;\"><b>Auditorium de Lyon<\/b><\/span><span style=\"font-family: var( --e-global-typography-text-font-family ), Sans-serif; font-size: 1rem; font-weight: var( --e-global-typography-text-font-weight );\"> (2016), \u00e0 l&rsquo;<\/span><span style=\"font-family: var( --e-global-typography-text-font-family ), Sans-serif; font-size: 1rem;\"><b>Op\u00e9ra de Clermont-Ferrand<\/b><\/span><span style=\"font-family: var( --e-global-typography-text-font-family ), Sans-serif; font-size: 1rem; font-weight: var( --e-global-typography-text-font-weight );\"> (2016) et avec Vanessa Paradis aux <\/span><span style=\"font-family: var( --e-global-typography-text-font-family ), Sans-serif; font-size: 1rem;\"><b>Nuits de Fourvi\u00e8re<\/b><\/span><span style=\"font-family: var( --e-global-typography-text-font-family ), Sans-serif; font-size: 1rem; font-weight: var( --e-global-typography-text-font-weight );\"> (Lyon, 2014).<\/span><\/p><p>Ses comp\u00e9tences en gestion, son parcours musical et son attrait pour les enfants l\u2019ont men\u00e9e naturellement <br \/>vers la <strong>m\u00e9diation de la musique<\/strong>, qui permettait de regrouper ses trois attirances. Durant presque trois ans, <br \/>elle est d\u2019ailleurs <strong>cheffe de projets \u00e9ducatifs et charg\u00e9e de m\u00e9diation<\/strong> \u00e0 la Philharmonie de Paris.<\/p><p>Aujourd\u2019hui, en parall\u00e8le de sa ma\u00eetrise, elle d\u00e9veloppe son activit\u00e9 de m\u00e9diatrice et de harpiste\u00a0<br \/>comme <strong>travailleuse autonome<\/strong> : elle propose des <strong>r\u00e9citals<\/strong>, des <strong>concerts comment\u00e9s<\/strong>, des <strong>cours priv\u00e9s<\/strong>, <br \/>des <strong>ateliers de m\u00e9diation<\/strong>, des r\u00e9dactions de <strong>dossiers p\u00e9dagogiques<\/strong>. Elle travaille actuellement <br \/>en tant que m\u00e9diatrice pour l&rsquo;Orchestre Symphonique de Montr\u00e9al et l&rsquo;Orchestre Metropolitain <br \/>et est en pleine cr\u00e9ation d\u2019un <strong>spectacle pour enfants<\/strong>\u2026 \u00e0 suivre !<\/p>\t\t\t\t\t\t<\/div>\n\t\t\t\t<\/div>\n\t\t\t\t\t<\/div>\n\t\t<\/div>\n\t\t\t\t\t<\/div>\n\t\t<\/section>\n\t\t\t\t<\/div>\n\t\t","protected":false},"excerpt":{"rendered":"<p>Marie-Line Arragon est une harpiste et m\u00e9diatrice de la musique install\u00e9e \u00e0 Montr\u00e9al, au Canada. N\u00e9e \u00e0 Saint-Etienne en France, elle d\u00e9couvre la harpe \u00e0 7 ans. Etudiante, dans une volont\u00e9 d\u2019apprendre toujours plus et de d\u00e9velopper diverses comp\u00e9tences, elle obtient d\u2019abord un master en management des organisations culturelles \u00e0 l\u2019Universit\u00e9 Paris-Dauphine et elle a &hellip; <\/p>\n<p class=\"link-more\"><a href=\"https:\/\/marie-line-arragon.com\/index.php\/biographie\/\" class=\"more-link\">Continuer la lecture<span class=\"screen-reader-text\"> de &laquo;&nbsp;Biographie&nbsp;&raquo;<\/span><\/a><\/p>\n","protected":false},"author":1,"featured_media":0,"parent":0,"menu_order":0,"comment_status":"closed","ping_status":"closed","template":"","meta":{"footnotes":""},"class_list":["post-442","page","type-page","status-publish","hentry"],"yoast_head":"<!-- This site is optimized with the Yoast SEO plugin v27.5 - https:\/\/yoast.com\/product\/yoast-seo-wordpress\/ -->\n<title>Marie-Line ARRAGON - Biographie<\/title>\n<meta name=\"description\" content=\"Marie-Line est harpiste et m\u00e9diatrice de la musique : elle anime des ateliers en \u00e9coles, cr\u00e9e des spectacles avec des enfants et \u00e9crit des dossiers p\u00e9dagogiques !\" \/>\n<meta name=\"robots\" content=\"index, follow, max-snippet:-1, max-image-preview:large, max-video-preview:-1\" \/>\n<link rel=\"canonical\" href=\"https:\/\/marie-line-arragon.com\/index.php\/biographie\/\" \/>\n<meta property=\"og:locale\" content=\"fr_FR\" \/>\n<meta property=\"og:type\" content=\"article\" \/>\n<meta property=\"og:title\" content=\"Marie-Line ARRAGON - Biographie\" \/>\n<meta property=\"og:description\" content=\"Marie-Line est harpiste et m\u00e9diatrice de la musique : elle anime des ateliers en \u00e9coles, cr\u00e9e des spectacles avec des enfants et \u00e9crit des dossiers p\u00e9dagogiques !\" \/>\n<meta property=\"og:url\" content=\"https:\/\/marie-line-arragon.com\/index.php\/biographie\/\" \/>\n<meta property=\"og:site_name\" content=\"Marie-Line ARRAGON\" \/>\n<meta property=\"article:modified_time\" content=\"2024-09-04T02:28:19+00:00\" \/>\n<meta name=\"twitter:card\" content=\"summary_large_image\" \/>\n<meta name=\"twitter:label1\" content=\"Dur\u00e9e de lecture estim\u00e9e\" \/>\n\t<meta name=\"twitter:data1\" content=\"2 minutes\" \/>\n<script type=\"application\/ld+json\" class=\"yoast-schema-graph\">{\"@context\":\"https:\\\/\\\/schema.org\",\"@graph\":[{\"@type\":\"WebPage\",\"@id\":\"https:\\\/\\\/marie-line-arragon.com\\\/index.php\\\/biographie\\\/\",\"url\":\"https:\\\/\\\/marie-line-arragon.com\\\/index.php\\\/biographie\\\/\",\"name\":\"Marie-Line ARRAGON - Biographie\",\"isPartOf\":{\"@id\":\"https:\\\/\\\/marie-line-arragon.com\\\/#website\"},\"datePublished\":\"2022-04-13T19:11:54+00:00\",\"dateModified\":\"2024-09-04T02:28:19+00:00\",\"description\":\"Marie-Line est harpiste et m\u00e9diatrice de la musique : elle anime des ateliers en \u00e9coles, cr\u00e9e des spectacles avec des enfants et \u00e9crit des dossiers p\u00e9dagogiques !\",\"breadcrumb\":{\"@id\":\"https:\\\/\\\/marie-line-arragon.com\\\/index.php\\\/biographie\\\/#breadcrumb\"},\"inLanguage\":\"fr-FR\",\"potentialAction\":[{\"@type\":\"ReadAction\",\"target\":[\"https:\\\/\\\/marie-line-arragon.com\\\/index.php\\\/biographie\\\/\"]}]},{\"@type\":\"BreadcrumbList\",\"@id\":\"https:\\\/\\\/marie-line-arragon.com\\\/index.php\\\/biographie\\\/#breadcrumb\",\"itemListElement\":[{\"@type\":\"ListItem\",\"position\":1,\"name\":\"Accueil\",\"item\":\"https:\\\/\\\/marie-line-arragon.com\\\/index.php\\\/en\\\/accueil\\\/\"},{\"@type\":\"ListItem\",\"position\":2,\"name\":\"Biographie\"}]},{\"@type\":\"WebSite\",\"@id\":\"https:\\\/\\\/marie-line-arragon.com\\\/#website\",\"url\":\"https:\\\/\\\/marie-line-arragon.com\\\/\",\"name\":\"Marie-Line ARRAGON\",\"description\":\"Harpiste &amp; m\u00e9diatrice de la musique\",\"potentialAction\":[{\"@type\":\"SearchAction\",\"target\":{\"@type\":\"EntryPoint\",\"urlTemplate\":\"https:\\\/\\\/marie-line-arragon.com\\\/?s={search_term_string}\"},\"query-input\":{\"@type\":\"PropertyValueSpecification\",\"valueRequired\":true,\"valueName\":\"search_term_string\"}}],\"inLanguage\":\"fr-FR\"}]}<\/script>\n<!-- \/ Yoast SEO plugin. -->","yoast_head_json":{"title":"Marie-Line ARRAGON - Biographie","description":"Marie-Line est harpiste et m\u00e9diatrice de la musique : elle anime des ateliers en \u00e9coles, cr\u00e9e des spectacles avec des enfants et \u00e9crit des dossiers p\u00e9dagogiques !","robots":{"index":"index","follow":"follow","max-snippet":"max-snippet:-1","max-image-preview":"max-image-preview:large","max-video-preview":"max-video-preview:-1"},"canonical":"https:\/\/marie-line-arragon.com\/index.php\/biographie\/","og_locale":"fr_FR","og_type":"article","og_title":"Marie-Line ARRAGON - Biographie","og_description":"Marie-Line est harpiste et m\u00e9diatrice de la musique : elle anime des ateliers en \u00e9coles, cr\u00e9e des spectacles avec des enfants et \u00e9crit des dossiers p\u00e9dagogiques !","og_url":"https:\/\/marie-line-arragon.com\/index.php\/biographie\/","og_site_name":"Marie-Line ARRAGON","article_modified_time":"2024-09-04T02:28:19+00:00","twitter_card":"summary_large_image","twitter_misc":{"Dur\u00e9e de lecture estim\u00e9e":"2 minutes"},"schema":{"@context":"https:\/\/schema.org","@graph":[{"@type":"WebPage","@id":"https:\/\/marie-line-arragon.com\/index.php\/biographie\/","url":"https:\/\/marie-line-arragon.com\/index.php\/biographie\/","name":"Marie-Line ARRAGON - Biographie","isPartOf":{"@id":"https:\/\/marie-line-arragon.com\/#website"},"datePublished":"2022-04-13T19:11:54+00:00","dateModified":"2024-09-04T02:28:19+00:00","description":"Marie-Line est harpiste et m\u00e9diatrice de la musique : elle anime des ateliers en \u00e9coles, cr\u00e9e des spectacles avec des enfants et \u00e9crit des dossiers p\u00e9dagogiques !","breadcrumb":{"@id":"https:\/\/marie-line-arragon.com\/index.php\/biographie\/#breadcrumb"},"inLanguage":"fr-FR","potentialAction":[{"@type":"ReadAction","target":["https:\/\/marie-line-arragon.com\/index.php\/biographie\/"]}]},{"@type":"BreadcrumbList","@id":"https:\/\/marie-line-arragon.com\/index.php\/biographie\/#breadcrumb","itemListElement":[{"@type":"ListItem","position":1,"name":"Accueil","item":"https:\/\/marie-line-arragon.com\/index.php\/en\/accueil\/"},{"@type":"ListItem","position":2,"name":"Biographie"}]},{"@type":"WebSite","@id":"https:\/\/marie-line-arragon.com\/#website","url":"https:\/\/marie-line-arragon.com\/","name":"Marie-Line ARRAGON","description":"Harpiste &amp; m\u00e9diatrice de la musique","potentialAction":[{"@type":"SearchAction","target":{"@type":"EntryPoint","urlTemplate":"https:\/\/marie-line-arragon.com\/?s={search_term_string}"},"query-input":{"@type":"PropertyValueSpecification","valueRequired":true,"valueName":"search_term_string"}}],"inLanguage":"fr-FR"}]}},"_links":{"self":[{"href":"https:\/\/marie-line-arragon.com\/index.php\/wp-json\/wp\/v2\/pages\/442","targetHints":{"allow":["GET"]}}],"collection":[{"href":"https:\/\/marie-line-arragon.com\/index.php\/wp-json\/wp\/v2\/pages"}],"about":[{"href":"https:\/\/marie-line-arragon.com\/index.php\/wp-json\/wp\/v2\/types\/page"}],"author":[{"embeddable":true,"href":"https:\/\/marie-line-arragon.com\/index.php\/wp-json\/wp\/v2\/users\/1"}],"replies":[{"embeddable":true,"href":"https:\/\/marie-line-arragon.com\/index.php\/wp-json\/wp\/v2\/comments?post=442"}],"version-history":[{"count":74,"href":"https:\/\/marie-line-arragon.com\/index.php\/wp-json\/wp\/v2\/pages\/442\/revisions"}],"predecessor-version":[{"id":1208,"href":"https:\/\/marie-line-arragon.com\/index.php\/wp-json\/wp\/v2\/pages\/442\/revisions\/1208"}],"wp:attachment":[{"href":"https:\/\/marie-line-arragon.com\/index.php\/wp-json\/wp\/v2\/media?parent=442"}],"curies":[{"name":"wp","href":"https:\/\/api.w.org\/{rel}","templated":true}]}}